{"id":1356,"date":"2025-05-10T14:28:49","date_gmt":"2025-05-10T14:28:49","guid":{"rendered":"https:\/\/teatrodamaluca.pt\/?page_id=1356"},"modified":"2025-12-13T11:10:02","modified_gmt":"2025-12-13T11:10:02","slug":"tabela-precos-horarios-teatro-oficinas","status":"publish","type":"page","link":"https:\/\/teatrodamaluca.pt\/index.php\/oficinas-e-formacoes-na-maluca\/tabela-precos-horarios-teatro-oficinas\/","title":{"rendered":"TABELA DE PRE\u00c7OS E HOR\u00c1RIOS DAS OFICINAS NO TEATRO DA MALUCA"},"content":{"rendered":"\n<h2 class=\"wp-block-heading has-text-align-center\" style=\"font-size:25px\">ANO LETIVO 2025\/2026<\/h2>\n\n\n\n<h2 class=\"wp-block-heading has-text-align-center has-raft-accent-secondary-color has-text-color has-link-color wp-elements-61b87db75461e8e691d755455af91c97\" style=\"font-size:25px;line-height:1.6\">Eis os Hor\u00e1rios e os Pre\u00e7os aplicados ao ano letivo 2025\/2026<\/h2>\n\n\n\n<p><\/p>\n\n\n\n<h1 class=\"wp-block-heading has-text-align-center has-raft-bg-alt-background-color has-background\" style=\"border-width:5px;margin-top:0;margin-right:0px;margin-bottom:0;margin-left:0px;font-size:15px\">HOR\u00c1RIOS E PRE\u00c7OS<\/h1>\n\n\n\n<h2 class=\"wp-block-heading has-text-align-center has-raft-accent-secondary-color has-text-color has-link-color wp-elements-7916c65a2e61814def149dfaeafd39f4\" style=\"font-size:20px\"><a href=\"https:\/\/teatrodamaluca.pt\/index.php\/oficinas-de-teatro-aulas\/\">OFICINAS ANUAIS<\/a><\/h2>\n\n\n\n<figure class=\"wp-block-table is-style-stripes\" style=\"font-size:10px;line-height:1.6\"><table class=\"has-fixed-layout\"><tbody><tr><td>OFICINA<\/td><td>IDADES<\/td><td>DIA E HORA<\/td><td>VALOR<\/td><\/tr><tr><td>OFICINA DE TEATRO CRIAN\u00c7AS<\/td><td>7 aos 11 anos<\/td><td>S\u00e1bado &#8211; 10h \u00e0s 12h<\/td><td>40\u20ac\/m\u00eas (seguro inclu\u00eddo)*<\/td><\/tr><tr><td>OFICINA DE TEATRO JOVENS<\/td><td>11 aos 15 anos<\/td><td>Sextas &#8211; 18h \u00e0s 20h<\/td><td><br>40\u20ac\/m\u00eas (seguro inclu\u00eddo)*<\/td><\/tr><tr><td>OFICINA DE TEATRO ADULTOS<\/td><td>a partir dos 16 anos<\/td><td>Quintas &#8211; 19h \u00e0s 21h<\/td><td>50\/m\u00eas (seguro inclu\u00eddo)*<\/td><\/tr><\/tbody><\/table><\/figure>\n\n\n\n<p><\/p>\n\n\n\n<h2 class=\"wp-block-heading has-text-align-center has-raft-accent-secondary-color has-text-color has-link-color wp-elements-63f87a25a316d343f0e3fce2e044a989\" style=\"font-size:20px;line-height:1.6\"><a href=\"https:\/\/teatrodamaluca.pt\/index.php\/ferias-no-teatro\/\">F\u00c9RIAS NA MALUCA<\/a><\/h2>\n\n\n\n<figure class=\"wp-block-table is-style-stripes\" style=\"margin-right:var(--wp--preset--spacing--20);margin-left:var(--wp--preset--spacing--20);font-size:10px;line-height:1.6\"><table class=\"has-fixed-layout\"><tbody><tr><td>VER\u00c3O NA MALUCA<\/td><td>7 aos 15 anos<\/td><td>segunda a sexta das 9:30 \u00e0s 17h<\/td><td>115\u20ac\/semana (seguro inclu\u00eddo)*<\/td><\/tr><tr><td>INTERRUP\u00c7\u00c3O LETIVA NA MALUCA<\/td><td>7 aos 15 anos<\/td><td>segunda a sexta das 9:30 \u00e0s 17h<\/td><td>115\u20ac\/semana (seguro inclu\u00eddo)*<\/td><\/tr><tr><td>CARNAVAL NA MALUCA<\/td><td>7 aos 16 anos<\/td><td>das 9:30 \u00e0s 17h<\/td><td>30\u20ac\/dia (seguro inclu\u00eddo)*<\/td><\/tr><\/tbody><\/table><\/figure>\n\n\n\n<div class=\"wp-block-group is-layout-constrained wp-container-core-group-is-layout-19e250f3 wp-block-group-is-layout-constrained\" style=\"font-size:12px;line-height:1.6\">\n<p style=\"font-size:12px;line-height:1.6\">*<em>Desconto de<\/em>&nbsp;<em>10%: <\/em><\/p>\n\n\n\n<ul class=\"wp-block-list\">\n<li><em>em inscri\u00e7\u00f5es de um ou mais irm\u00e3os<\/em><\/li>\n\n\n\n<li><em>em inscri\u00e7\u00f5es em mais do que uma semana de Ver\u00e3o na Maluca <\/em><\/li>\n\n\n\n<li><em>os alunos inscritos nas Oficinas Anuais t\u00eam 10% desconto em todas as atividades extra.<\/em><\/li>\n<\/ul>\n<\/div>\n\n\n\n<div class=\"wp-block-group is-layout-constrained wp-container-core-group-is-layout-92b9201d wp-block-group-is-layout-constrained\" style=\"font-size:16px;line-height:1.6\">\n<p style=\"font-size:20px;line-height:1.6\"><\/p>\n<\/div>\n\n\n\n<p><\/p>\n","protected":false},"excerpt":{"rendered":"<p>ANO LETIVO 2025\/2026 Eis os Hor\u00e1rios e os Pre\u00e7os aplicados ao ano letivo 2025\/2026 HOR\u00c1RIOS E PRE\u00c7OS OFICINAS ANUAIS OFICINA IDADES DIA E HORA VALOR OFICINA DE TEATRO CRIAN\u00c7AS 7 aos 11 anos S\u00e1bado &#8211; 10h \u00e0s 12h 40\u20ac\/m\u00eas (seguro inclu\u00eddo)* OFICINA DE TEATRO JOVENS 11 aos 15 anos Sextas &#8211; 18h \u00e0s 20h 40\u20ac\/m\u00eas [&hellip;]<\/p>\n","protected":false},"author":1,"featured_media":0,"parent":85,"menu_order":0,"comment_status":"closed","ping_status":"closed","template":"","meta":{"_themeisle_gutenberg_block_has_review":false,"footnotes":""},"class_list":["post-1356","page","type-page","status-publish","hentry"],"yoast_head":"<!-- This site is optimized with the Yoast SEO plugin v25.1 - https:\/\/yoast.com\/wordpress\/plugins\/seo\/ -->\n<title>TABELA DE PRE\u00c7OS E HOR\u00c1RIOS DAS OFICINAS NO TEATRO DA MALUCA - Teatro da Maluca<\/title>\n<meta name=\"description\" content=\"Tabela de pre\u00e7os e Hor\u00e1rios das Oficinas Anuais de Teatro da Maluca e F\u00e9rias na Maluca ano letivo 2025\/2026\" \/>\n<meta name=\"robots\" content=\"index, follow, max-snippet:-1, max-image-preview:large, max-video-preview:-1\" \/>\n<link rel=\"canonical\" href=\"https:\/\/teatrodamaluca.pt\/index.php\/oficinas-e-formacoes-na-maluca\/tabela-precos-horarios-teatro-oficinas\/\" \/>\n<meta property=\"og:locale\" content=\"pt_PT\" \/>\n<meta property=\"og:type\" content=\"article\" \/>\n<meta property=\"og:title\" content=\"TABELA DE PRE\u00c7OS E HOR\u00c1RIOS DAS OFICINAS NO TEATRO DA MALUCA - Teatro da Maluca\" \/>\n<meta property=\"og:description\" content=\"Tabela de pre\u00e7os e Hor\u00e1rios das Oficinas Anuais de Teatro da Maluca e F\u00e9rias na Maluca ano letivo 2025\/2026\" \/>\n<meta property=\"og:url\" content=\"https:\/\/teatrodamaluca.pt\/index.php\/oficinas-e-formacoes-na-maluca\/tabela-precos-horarios-teatro-oficinas\/\" \/>\n<meta property=\"og:site_name\" content=\"Teatro da Maluca\" \/>\n<meta property=\"article:publisher\" content=\"https:\/\/www.facebook.com\/TeatrodaMaluca\/\" \/>\n<meta property=\"article:modified_time\" content=\"2025-12-13T11:10:02+00:00\" \/>\n<meta property=\"og:image\" content=\"https:\/\/teatrodamaluca.pt\/wp-content\/uploads\/2024\/06\/z1717082033-1.png\" \/>\n\t<meta property=\"og:image:width\" content=\"512\" \/>\n\t<meta property=\"og:image:height\" content=\"512\" \/>\n\t<meta property=\"og:image:type\" content=\"image\/png\" \/>\n<meta name=\"twitter:card\" content=\"summary_large_image\" \/>\n<meta name=\"twitter:label1\" content=\"Tempo estimado de leitura\" \/>\n\t<meta name=\"twitter:data1\" content=\"1 minuto\" \/>\n<script type=\"application\/ld+json\" class=\"yoast-schema-graph\">{\"@context\":\"https:\/\/schema.org\",\"@graph\":[{\"@type\":\"WebPage\",\"@id\":\"https:\/\/teatrodamaluca.pt\/index.php\/oficinas-e-formacoes-na-maluca\/tabela-precos-horarios-teatro-oficinas\/\",\"url\":\"https:\/\/teatrodamaluca.pt\/index.php\/oficinas-e-formacoes-na-maluca\/tabela-precos-horarios-teatro-oficinas\/\",\"name\":\"TABELA DE PRE\u00c7OS E HOR\u00c1RIOS DAS OFICINAS NO TEATRO DA MALUCA - Teatro da Maluca\",\"isPartOf\":{\"@id\":\"https:\/\/teatrodamaluca.pt\/#website\"},\"datePublished\":\"2025-05-10T14:28:49+00:00\",\"dateModified\":\"2025-12-13T11:10:02+00:00\",\"description\":\"Tabela de pre\u00e7os e Hor\u00e1rios das Oficinas Anuais de Teatro da Maluca e F\u00e9rias na Maluca ano letivo 2025\/2026\",\"breadcrumb\":{\"@id\":\"https:\/\/teatrodamaluca.pt\/index.php\/oficinas-e-formacoes-na-maluca\/tabela-precos-horarios-teatro-oficinas\/#breadcrumb\"},\"inLanguage\":\"pt-PT\",\"potentialAction\":[{\"@type\":\"ReadAction\",\"target\":[\"https:\/\/teatrodamaluca.pt\/index.php\/oficinas-e-formacoes-na-maluca\/tabela-precos-horarios-teatro-oficinas\/\"]}]},{\"@type\":\"BreadcrumbList\",\"@id\":\"https:\/\/teatrodamaluca.pt\/index.php\/oficinas-e-formacoes-na-maluca\/tabela-precos-horarios-teatro-oficinas\/#breadcrumb\",\"itemListElement\":[{\"@type\":\"ListItem\",\"position\":1,\"name\":\"In\u00edcio\",\"item\":\"https:\/\/teatrodamaluca.pt\/\"},{\"@type\":\"ListItem\",\"position\":2,\"name\":\"OFICINAS E FORMA\u00e7\u00d5ES na Maluca\",\"item\":\"https:\/\/teatrodamaluca.pt\/index.php\/oficinas-e-formacoes-na-maluca\/\"},{\"@type\":\"ListItem\",\"position\":3,\"name\":\"TABELA DE PRE\u00c7OS E HOR\u00c1RIOS DAS OFICINAS NO TEATRO DA MALUCA\"}]},{\"@type\":\"WebSite\",\"@id\":\"https:\/\/teatrodamaluca.pt\/#website\",\"url\":\"https:\/\/teatrodamaluca.pt\/\",\"name\":\"Teatro da Maluca\",\"description\":\"Oficinas de Teatro para todas as idades, sess\u00f5es de contos e espet\u00e1culos\",\"publisher\":{\"@id\":\"https:\/\/teatrodamaluca.pt\/#organization\"},\"potentialAction\":[{\"@type\":\"SearchAction\",\"target\":{\"@type\":\"EntryPoint\",\"urlTemplate\":\"https:\/\/teatrodamaluca.pt\/?s={search_term_string}\"},\"query-input\":{\"@type\":\"PropertyValueSpecification\",\"valueRequired\":true,\"valueName\":\"search_term_string\"}}],\"inLanguage\":\"pt-PT\"},{\"@type\":\"Organization\",\"@id\":\"https:\/\/teatrodamaluca.pt\/#organization\",\"name\":\"Teatro da Maluca\",\"url\":\"https:\/\/teatrodamaluca.pt\/\",\"logo\":{\"@type\":\"ImageObject\",\"inLanguage\":\"pt-PT\",\"@id\":\"https:\/\/teatrodamaluca.pt\/#\/schema\/logo\/image\/\",\"url\":\"https:\/\/teatrodamaluca.pt\/wp-content\/uploads\/2024\/06\/z1717082033-1.png\",\"contentUrl\":\"https:\/\/teatrodamaluca.pt\/wp-content\/uploads\/2024\/06\/z1717082033-1.png\",\"width\":512,\"height\":512,\"caption\":\"Teatro da Maluca\"},\"image\":{\"@id\":\"https:\/\/teatrodamaluca.pt\/#\/schema\/logo\/image\/\"},\"sameAs\":[\"https:\/\/www.facebook.com\/TeatrodaMaluca\/\"]}]}<\/script>\n<!-- \/ Yoast SEO plugin. -->","yoast_head_json":{"title":"TABELA DE PRE\u00c7OS E HOR\u00c1RIOS DAS OFICINAS NO TEATRO DA MALUCA - Teatro da Maluca","description":"Tabela de pre\u00e7os e Hor\u00e1rios das Oficinas Anuais de Teatro da Maluca e F\u00e9rias na Maluca ano letivo 2025\/2026","robots":{"index":"index","follow":"follow","max-snippet":"max-snippet:-1","max-image-preview":"max-image-preview:large","max-video-preview":"max-video-preview:-1"},"canonical":"https:\/\/teatrodamaluca.pt\/index.php\/oficinas-e-formacoes-na-maluca\/tabela-precos-horarios-teatro-oficinas\/","og_locale":"pt_PT","og_type":"article","og_title":"TABELA DE PRE\u00c7OS E HOR\u00c1RIOS DAS OFICINAS NO TEATRO DA MALUCA - Teatro da Maluca","og_description":"Tabela de pre\u00e7os e Hor\u00e1rios das Oficinas Anuais de Teatro da Maluca e F\u00e9rias na Maluca ano letivo 2025\/2026","og_url":"https:\/\/teatrodamaluca.pt\/index.php\/oficinas-e-formacoes-na-maluca\/tabela-precos-horarios-teatro-oficinas\/","og_site_name":"Teatro da Maluca","article_publisher":"https:\/\/www.facebook.com\/TeatrodaMaluca\/","article_modified_time":"2025-12-13T11:10:02+00:00","og_image":[{"width":512,"height":512,"url":"https:\/\/teatrodamaluca.pt\/wp-content\/uploads\/2024\/06\/z1717082033-1.png","type":"image\/png"}],"twitter_card":"summary_large_image","twitter_misc":{"Tempo estimado de leitura":"1 minuto"},"schema":{"@context":"https:\/\/schema.org","@graph":[{"@type":"WebPage","@id":"https:\/\/teatrodamaluca.pt\/index.php\/oficinas-e-formacoes-na-maluca\/tabela-precos-horarios-teatro-oficinas\/","url":"https:\/\/teatrodamaluca.pt\/index.php\/oficinas-e-formacoes-na-maluca\/tabela-precos-horarios-teatro-oficinas\/","name":"TABELA DE PRE\u00c7OS E HOR\u00c1RIOS DAS OFICINAS NO TEATRO DA MALUCA - Teatro da Maluca","isPartOf":{"@id":"https:\/\/teatrodamaluca.pt\/#website"},"datePublished":"2025-05-10T14:28:49+00:00","dateModified":"2025-12-13T11:10:02+00:00","description":"Tabela de pre\u00e7os e Hor\u00e1rios das Oficinas Anuais de Teatro da Maluca e F\u00e9rias na Maluca ano letivo 2025\/2026","breadcrumb":{"@id":"https:\/\/teatrodamaluca.pt\/index.php\/oficinas-e-formacoes-na-maluca\/tabela-precos-horarios-teatro-oficinas\/#breadcrumb"},"inLanguage":"pt-PT","potentialAction":[{"@type":"ReadAction","target":["https:\/\/teatrodamaluca.pt\/index.php\/oficinas-e-formacoes-na-maluca\/tabela-precos-horarios-teatro-oficinas\/"]}]},{"@type":"BreadcrumbList","@id":"https:\/\/teatrodamaluca.pt\/index.php\/oficinas-e-formacoes-na-maluca\/tabela-precos-horarios-teatro-oficinas\/#breadcrumb","itemListElement":[{"@type":"ListItem","position":1,"name":"In\u00edcio","item":"https:\/\/teatrodamaluca.pt\/"},{"@type":"ListItem","position":2,"name":"OFICINAS E FORMA\u00e7\u00d5ES na Maluca","item":"https:\/\/teatrodamaluca.pt\/index.php\/oficinas-e-formacoes-na-maluca\/"},{"@type":"ListItem","position":3,"name":"TABELA DE PRE\u00c7OS E HOR\u00c1RIOS DAS OFICINAS NO TEATRO DA MALUCA"}]},{"@type":"WebSite","@id":"https:\/\/teatrodamaluca.pt\/#website","url":"https:\/\/teatrodamaluca.pt\/","name":"Teatro da Maluca","description":"Oficinas de Teatro para todas as idades, sess\u00f5es de contos e espet\u00e1culos","publisher":{"@id":"https:\/\/teatrodamaluca.pt\/#organization"},"potentialAction":[{"@type":"SearchAction","target":{"@type":"EntryPoint","urlTemplate":"https:\/\/teatrodamaluca.pt\/?s={search_term_string}"},"query-input":{"@type":"PropertyValueSpecification","valueRequired":true,"valueName":"search_term_string"}}],"inLanguage":"pt-PT"},{"@type":"Organization","@id":"https:\/\/teatrodamaluca.pt\/#organization","name":"Teatro da Maluca","url":"https:\/\/teatrodamaluca.pt\/","logo":{"@type":"ImageObject","inLanguage":"pt-PT","@id":"https:\/\/teatrodamaluca.pt\/#\/schema\/logo\/image\/","url":"https:\/\/teatrodamaluca.pt\/wp-content\/uploads\/2024\/06\/z1717082033-1.png","contentUrl":"https:\/\/teatrodamaluca.pt\/wp-content\/uploads\/2024\/06\/z1717082033-1.png","width":512,"height":512,"caption":"Teatro da Maluca"},"image":{"@id":"https:\/\/teatrodamaluca.pt\/#\/schema\/logo\/image\/"},"sameAs":["https:\/\/www.facebook.com\/TeatrodaMaluca\/"]}]}},"_links":{"self":[{"href":"https:\/\/teatrodamaluca.pt\/index.php\/wp-json\/wp\/v2\/pages\/1356","targetHints":{"allow":["GET"]}}],"collection":[{"href":"https:\/\/teatrodamaluca.pt\/index.php\/wp-json\/wp\/v2\/pages"}],"about":[{"href":"https:\/\/teatrodamaluca.pt\/index.php\/wp-json\/wp\/v2\/types\/page"}],"author":[{"embeddable":true,"href":"https:\/\/teatrodamaluca.pt\/index.php\/wp-json\/wp\/v2\/users\/1"}],"replies":[{"embeddable":true,"href":"https:\/\/teatrodamaluca.pt\/index.php\/wp-json\/wp\/v2\/comments?post=1356"}],"version-history":[{"count":12,"href":"https:\/\/teatrodamaluca.pt\/index.php\/wp-json\/wp\/v2\/pages\/1356\/revisions"}],"predecessor-version":[{"id":1602,"href":"https:\/\/teatrodamaluca.pt\/index.php\/wp-json\/wp\/v2\/pages\/1356\/revisions\/1602"}],"up":[{"embeddable":true,"href":"https:\/\/teatrodamaluca.pt\/index.php\/wp-json\/wp\/v2\/pages\/85"}],"wp:attachment":[{"href":"https:\/\/teatrodamaluca.pt\/index.php\/wp-json\/wp\/v2\/media?parent=1356"}],"curies":[{"name":"wp","href":"https:\/\/api.w.org\/{rel}","templated":true}]}}